{"id":113,"date":"2024-09-15T16:06:43","date_gmt":"2024-09-15T14:06:43","guid":{"rendered":"https:\/\/www.ekloria.fr\/bilan-de-competences-angers\/?page_id=113"},"modified":"2024-09-15T16:37:54","modified_gmt":"2024-09-15T14:37:54","slug":"en-8-semaines-mettez-en-avant-vos-competences-et-apprenez-a-vous-pitcher-pour-reussir-vos-entretiens","status":"publish","type":"page","link":"https:\/\/www.ekloria.fr\/bilan-de-competences-angers\/en-8-semaines-mettez-en-avant-vos-competences-et-apprenez-a-vous-pitcher-pour-reussir-vos-entretiens\/","title":{"rendered":"En 8 semaines, mettez en avant vos comp\u00e9tences et apprenez \u00e0 vous pitcher pour r\u00e9ussir vos entretiens."},"content":{"rendered":"\n<div class=\"wp-block-genesis-blocks-gb-columns gb-layout-service-4 gb-layout-columns-1 gb-1-col-equal gb-columns-center alignfull\" style=\"padding-top:15%;padding-right:5%;padding-bottom:15%;padding-left:5%\"><div class=\"gb-layout-column-wrap gb-block-layout-column-gap-6 gb-is-responsive-column\" style=\"max-width:1200px\">\n<div class=\"wp-block-genesis-blocks-gb-column gb-block-layout-column\"><div class=\"gb-block-layout-column-inner\">\n<p> Vous savez o\u00f9 vous voulez aller, mais vous avez du mal \u00e0 y arriver ? Ce bilan de comp\u00e9tences express de 8 heures est la cl\u00e9 pour d\u00e9crocher votre prochain poste !\u00a0\u00bb<\/p>\n\n\n\n<hr class=\"wp-block-separator has-alpha-channel-opacity\"\/>\n\n\n\n<h3 class=\"wp-block-heading has-medium-font-size\">Vision claire de vos forces et un pitch impactant<\/h3>\n\n\n\n<p>Ce bilan de comp\u00e9tences intensif vous permet de pr\u00e9parer efficacement votre transition professionnelle. Vous ressortirez avec une vision claire de vos forces et un pitch impactant pour convaincre vos futurs recruteurs.<\/p>\n\n\n\n<hr class=\"wp-block-separator has-alpha-channel-opacity\"\/>\n\n\n\n<h3 class=\"wp-block-heading\"><strong>Vous avez mis \u00ab\u00a0Open to Work\u00a0\u00bb sur LinkedIn, mais toujours aucun entretien ?<\/strong><\/h3>\n\n\n\n<ul class=\"wp-block-list\">\n<li>Vous \u00eates pr\u00eat \u00e0 changer de poste mais rien ne bouge malgr\u00e9 votre profil LinkedIn mis \u00e0 jour ?<\/li>\n\n\n\n<li>Vous savez d\u00e9j\u00e0 quel poste vous visez, mais vous n\u2019avez pas encore d\u00e9croch\u00e9 les entretiens que vous esp\u00e9riez ?<\/li>\n\n\n\n<li>Vous avez du mal \u00e0 valoriser vos comp\u00e9tences et \u00e0 vous d\u00e9marquer face \u00e0 la concurrence ?<\/li>\n<\/ul>\n\n\n\n<p>Nous comprenons la frustration de savoir ce que vous voulez mais de ne pas voir les r\u00e9sultats suivre. Vous avez fait le premier pas, mais le simple fait de mettre \u00ab\u00a0open to work\u00a0\u00bb sur LinkedIn ne suffit pas. Ce qu&rsquo;il vous manque, c\u2019est un accompagnement personnalis\u00e9 pour affiner votre strat\u00e9gie et briller lors des entretiens.<\/p>\n\n\n\n<hr class=\"wp-block-separator has-alpha-channel-opacity\"\/>\n\n\n\n<h3 class=\"wp-block-heading\">Ne laissez pas votre carri\u00e8re stagner \u00e0 cause d\u2019un manque de strat\u00e9gie.<\/h3>\n\n\n\n<p>Imaginez continuer \u00e0 mettre \u00e0 jour votre profil sans recevoir d&rsquo;appels ou voir vos candidatures \u00eatre ignor\u00e9es. Le temps passe, et pendant que d&rsquo;autres avancent dans leur carri\u00e8re, vous restez coinc\u00e9 \u00e0 la m\u00eame place. Ce manque de r\u00e9sultats peut \u00e9roder votre confiance, vous donnant l\u2019impression que vos comp\u00e9tences ne sont pas \u00e0 la hauteur \u2013 alors que ce n&rsquo;est pas le cas. Ne laissez pas votre carri\u00e8re stagner, reprenez le contr\u00f4le de votre avenir professionnel.<\/p>\n\n\n\n<hr class=\"wp-block-separator has-alpha-channel-opacity\"\/>\n\n\n\n<h2 class=\"wp-block-heading\"><strong>Imaginez d\u00e9crocher votre prochain poste en toute confiance.<\/strong><\/h2>\n\n\n\n<h3 class=\"wp-block-heading\">Ce que vous voulez :<\/h3>\n\n\n\n<ul class=\"wp-block-list\">\n<li><strong>\u00catre en contr\u00f4le total de votre parcours professionnel :<\/strong> Vous savez que vous \u00eates pr\u00eat pour ce changement et vous voulez vous sentir ma\u00eetre de chaque \u00e9tape de la transition.<\/li>\n\n\n\n<li><strong>Avoir un pitch percutant qui capte l&rsquo;attention des recruteurs :<\/strong> Vous souhaitez savoir exactement comment vous pr\u00e9senter pour que vos comp\u00e9tences et r\u00e9alisations parlent pour vous en entretien.<\/li>\n\n\n\n<li><strong>Atteindre rapidement vos objectifs :<\/strong> En 8 semaines, vous voulez concr\u00e9tiser ce projet de changement, sans perdre de temps, avec des r\u00e9sultats tangibles.<\/li>\n\n\n\n<li><strong>Confiance totale en vos comp\u00e9tences :<\/strong> Vous voulez pouvoir entrer en entretien avec l\u2019assurance que vous \u00eates la meilleure personne pour le poste, arm\u00e9 d&rsquo;une strat\u00e9gie claire.<\/li>\n\n\n\n<li><strong>Obtenir des entretiens rapidement :<\/strong> Vous avez besoin de plus qu\u2019un profil LinkedIn ouvert. Vous souhaitez des entretiens concrets et des offres sur la table.<\/li>\n<\/ul>\n\n\n\n<h3 class=\"wp-block-heading has-text-color has-link-color wp-elements-116868569d6087c85a974c5f75c91b95\" style=\"color:#ecaa31\">Bonus : Test Gratuit &#8211; D\u00e9couvrez Vos Qualit\u00e9s Cach\u00e9es !<\/h3>\n\n\n\n<p><strong>En cadeau :<\/strong> Avant de vous lancer dans votre prochain grand projet professionnel, pourquoi ne pas d\u00e9couvrir vos supers pouvoirs? <\/p>\n\n\n\n<p>R\u00e9pondez \u00e0 notre <strong>test gratuit<\/strong> : <a href=\"https:\/\/www.ekloria.fr\/bilan-de-competences-angers\/2024\/09\/15\/transformez-vos-defauts-en-supers-pouvoirs-1-7\/\">\u00ab\u00a0Vos d\u00e9fauts r\u00e9v\u00e8lent vos meilleures qualit\u00e9s\u00a0\u00bb et obtenez une analyse surprenante de vos forces cach\u00e9es.<\/a><\/p>\n\n\n\n<p>Ce test rapide vous donnera des insights pr\u00e9cieux sur les qualit\u00e9s que vous ne soup\u00e7onniez peut-\u00eatre pas et qui pourraient faire toute la diff\u00e9rence lors de votre prochain entretien d&#8217;embauche. <strong>Acc\u00e9dez au test gratuit d\u00e8s maintenant<\/strong> et commencez \u00e0 mieux comprendre comment vos comp\u00e9tences peuvent briller dans votre future carri\u00e8re.<\/p>\n\n\n\n<hr class=\"wp-block-separator has-alpha-channel-opacity\"\/>\n\n\n\n<h3 class=\"wp-block-heading\">Ce qui vous emp\u00eache r\u00e9ellement de d\u00e9crocher ce job, et pourquoi les solutions classiques ne fonctionnent pas.<\/h3>\n\n\n\n<ul class=\"wp-block-list\">\n<li><strong>Pas de strat\u00e9gie claire :<\/strong> Vous avez peut-\u00eatre d\u00e9j\u00e0 un CV mis \u00e0 jour et un profil LinkedIn complet, mais vous n&rsquo;avez pas de plan strat\u00e9gique pour vous d\u00e9marquer des autres candidats.<\/li>\n\n\n\n<li><strong>Manque de pr\u00e9paration aux entretiens :<\/strong> Savoir ce que vous voulez n&rsquo;est pas suffisant si vous ne savez pas comment le pr\u00e9senter efficacement en entretien.<\/li>\n\n\n\n<li><strong>Temps limit\u00e9 :<\/strong> Vous jonglez avec votre emploi actuel, la recherche d\u2019un nouveau poste, et d&rsquo;autres obligations. Vous avez besoin d\u2019un accompagnement rapide et efficace.<\/li>\n<\/ul>\n\n\n\n<h4 class=\"wp-block-heading\"><\/h4>\n\n\n\n<ul class=\"wp-block-list\">\n<li><strong>Compter uniquement sur LinkedIn :<\/strong> \u00catre visible sur LinkedIn est important, mais sans un pitch structur\u00e9 et une pr\u00e9paration strat\u00e9gique, cela ne suffira pas pour d\u00e9crocher les entretiens que vous m\u00e9ritez.<\/li>\n\n\n\n<li><strong>Envoyer des candidatures en masse :<\/strong> Postuler \u00e0 de nombreux postes sans personnalisation ni strat\u00e9gie vous fait perdre du temps et diminue vos chances de succ\u00e8s.<\/li>\n\n\n\n<li><strong>Faire appel \u00e0 des conseils g\u00e9n\u00e9riques :<\/strong> Des conseils en ligne ou des templates de CV sans adaptation sp\u00e9cifique \u00e0 votre parcours et \u00e0 votre projet ne vous aideront pas \u00e0 faire la diff\u00e9rence.<\/li>\n<\/ul>\n\n\n\n<hr class=\"wp-block-separator has-alpha-channel-opacity\"\/>\n\n\n\n<h3 class=\"wp-block-heading\">Le v\u00e9ritable probl\u00e8me qui vous freine, et comment y rem\u00e9dier.<\/h3>\n\n\n\n<ul class=\"wp-block-list\">\n<li><strong>Le vrai probl\u00e8me :<\/strong> Vous avez des comp\u00e9tences solides et un projet professionnel clair, mais vous n&rsquo;avez pas encore mis en place une strat\u00e9gie gagnante pour d\u00e9crocher des entretiens et convaincre les recruteurs.<\/li>\n\n\n\n<li><strong>Le vrai besoin :<\/strong> Un accompagnement personnalis\u00e9, en face \u00e0 face, qui vous guide dans la mise en avant de vos comp\u00e9tences, la construction de votre pitch, et vous pr\u00e9pare \u00e0 r\u00e9ussir vos entretiens.<\/li>\n<\/ul>\n\n\n\n<hr class=\"wp-block-separator has-alpha-channel-opacity\"\/>\n\n\n\n<h3 class=\"wp-block-heading\">Le Bilan de Comp\u00e9tences Express : 8 heures en face \u00e0 face pour atteindre vos objectifs.<\/h3>\n\n\n\n<p>Ce bilan de comp\u00e9tences de 8 heures, r\u00e9parti sur 8 semaines, est con\u00e7u pour les professionnels qui savent ce qu&rsquo;ils veulent, mais qui ont besoin d&rsquo;une m\u00e9thode efficace pour l&rsquo;obtenir. En travaillant ensemble, vous apprendrez \u00e0 mettre en lumi\u00e8re vos comp\u00e9tences, \u00e0 structurer un discours qui captive les recruteurs, et \u00e0 d\u00e9crocher le poste que vous m\u00e9ritez.<\/p>\n\n\n\n<hr class=\"wp-block-separator has-alpha-channel-opacity\"\/>\n\n\n\n<h3 class=\"wp-block-heading\"><\/h3>\n\n\n\n<p>\u00ab\u00a0Apr\u00e8s avoir aid\u00e9 des dizaines de professionnels dans des situations similaires, nous avons d\u00e9velopp\u00e9 cette approche intensive et personnalis\u00e9e. Elle vous offre non seulement une \u00e9valuation pr\u00e9cise de vos comp\u00e9tences, mais aussi une m\u00e9thode pour vous pr\u00e9senter sous votre meilleur jour, avec des r\u00e9sultats rapides et concrets.\u00a0\u00bb<\/p>\n\n\n\n<hr class=\"wp-block-separator has-alpha-channel-opacity\"\/>\n\n\n\n<h3 class=\"wp-block-heading\"><strong>Comment ce bilan a aid\u00e9 des professionnels comme vous \u00e0 d\u00e9crocher le poste de leurs r\u00eaves.<\/strong><\/h3>\n\n\n\n<p>Nous vous pr\u00e9sentons notre <strong>Bilan de Comp\u00e9tences Express<\/strong> : 8 heures de face \u00e0 face sur 8 semaines pour vous permettre d&rsquo;acc\u00e9l\u00e9rer votre transition professionnelle et d\u00e9crocher des entretiens.<\/p>\n\n\n\n<hr class=\"wp-block-separator has-alpha-channel-opacity\"\/>\n\n\n\n<h3 class=\"wp-block-heading\"><strong>D\u00e9couvrez notre Bilan de Comp\u00e9tences Express pour transformer votre carri\u00e8re.<\/strong><\/h3>\n\n\n\n<ul class=\"wp-block-list\">\n<li><strong>Accompagnement personnalis\u00e9 en face \u00e0 face<\/strong> : Nous travaillons ensemble pour mettre en valeur vos comp\u00e9tences.<\/li>\n\n\n\n<li><strong>Un plan d\u2019action sur 8 semaines<\/strong> : Vous aurez un plan structur\u00e9 avec des \u00e9tapes claires \u00e0 suivre pour atteindre votre objectif.<\/li>\n\n\n\n<li><strong>Pr\u00e9paration aux entretiens<\/strong> : Nous vous aidons \u00e0 construire un pitch percutant qui capte l&rsquo;attention des recruteurs.<\/li>\n\n\n\n<li><strong>R\u00e9sultats rapides<\/strong> : En 8 semaines, vous serez pr\u00eat \u00e0 d\u00e9crocher des entretiens et \u00e0 avancer dans votre carri\u00e8re.<\/li>\n<\/ul>\n\n\n\n<hr class=\"wp-block-separator has-alpha-channel-opacity\"\/>\n\n\n\n<h3 class=\"wp-block-heading\">Ce que ce bilan va vous apporter en un temps record.<\/h3>\n\n\n\n<p>Vous n&rsquo;aurez plus besoin de vous contenter d\u2019un simple profil &lsquo;Open to Work&rsquo; sur LinkedIn, ni d\u2019envoyer des candidatures qui n&rsquo;aboutissent pas. Vous aurez une m\u00e9thode \u00e9prouv\u00e9e pour d\u00e9crocher des entretiens et maximiser vos chances de succ\u00e8s.<\/p>\n\n\n\n<hr class=\"wp-block-separator has-alpha-channel-opacity\"\/>\n\n\n\n<h3 class=\"wp-block-heading\"><strong>Ce programme n&rsquo;est pas pour tout le monde, et voici pourquoi.<\/strong><\/h3>\n\n\n\n<p>Ce bilan de comp\u00e9tences ne convient pas \u00e0 ceux qui ne sont pas pr\u00eats \u00e0 s\u2019engager pleinement dans leur transition professionnelle. Il demande du travail personnel et de l\u2019implication pour obtenir des r\u00e9sultats. Si vous recherchez une solution rapide sans effort, ce programme n&rsquo;est pas pour vous.\u00a0\u00bb<\/p>\n\n\n\n<hr class=\"wp-block-separator has-alpha-channel-opacity\"\/>\n\n\n\n<h3 class=\"wp-block-heading\">Ce que vous allez obtenir en suivant ce bilan.<\/h3>\n\n\n\n<ul class=\"wp-block-list\">\n<li><strong>Module 1 :<\/strong> \u00c9valuation compl\u00e8te de vos comp\u00e9tences.<\/li>\n\n\n\n<li><strong>Module 2 :<\/strong> D\u00e9veloppement d\u2019un pitch personnalis\u00e9 pour les entretiens.<\/li>\n\n\n\n<li><strong>Module 3 :<\/strong> Plan d\u2019action pour maximiser votre visibilit\u00e9 aupr\u00e8s des recruteurs.<\/li>\n\n\n\n<li><strong>Module 4 :<\/strong> Suivi personnalis\u00e9 sur 8 semaines.<\/li>\n<\/ul>\n\n\n\n<hr class=\"wp-block-separator has-alpha-channel-opacity\"\/>\n\n\n\n<h3 class=\"wp-block-heading\">Si vous cherchez une solution miracle sans effort, ce n\u2019est pas pour vous.<\/h3>\n\n\n\n<p>Ce bilan n&rsquo;est pas pour ceux qui veulent se contenter de mettre \u00e0 jour leur profil LinkedIn sans un v\u00e9ritable travail de fond. Si vous \u00eates pr\u00eat \u00e0 investir du temps et de l\u2019\u00e9nergie pour atteindre vos objectifs, ce programme est fait pour vous.<\/p>\n\n\n\n<hr class=\"wp-block-separator has-alpha-channel-opacity\"\/>\n\n\n\n<h3 class=\"wp-block-heading\"><strong>En 8 semaines, vous serez pr\u00eat \u00e0 d\u00e9crocher les entretiens que vous m\u00e9ritez.<\/strong><\/h3>\n\n\n\n<ul class=\"wp-block-list\">\n<li><strong>Premier r\u00e9sultat :<\/strong> Une compr\u00e9hension claire de vos comp\u00e9tences et de votre valeur ajout\u00e9e.<\/li>\n\n\n\n<li><strong>R\u00e9sultat final :<\/strong> Un pitch impactant et une pr\u00e9paration solide pour d\u00e9crocher des entretiens et obtenir des offres.<\/li>\n<\/ul>\n\n\n\n<hr class=\"wp-block-separator has-alpha-channel-opacity\"\/>\n\n\n\n<h3 class=\"wp-block-heading\"><strong>Investissez en vous maintenant, pour voir des r\u00e9sultats concrets demain.<\/strong><\/h3>\n\n\n\n<p>\u00ab\u00a0En 8 semaines, vous aurez un plan d\u2019action concret pour transformer votre projet professionnel en r\u00e9alit\u00e9. Le temps et l&rsquo;\u00e9nergie que vous investissez aujourd&rsquo;hui seront rentabilis\u00e9s par des entretiens concrets et des opportunit\u00e9s de carri\u00e8re.\u00a0\u00bb<\/p>\n\n\n\n<h3 class=\"wp-block-heading\"><\/h3>\n\n\n\n<hr class=\"wp-block-separator has-alpha-channel-opacity\"\/>\n\n\n\n<h3 class=\"wp-block-heading\"><\/h3>\n\n\n\n<p>Ne laissez pas votre carri\u00e8re stagner. R\u00e9servez d\u00e8s aujourd&rsquo;hui votre bilan de comp\u00e9tences express et commencez \u00e0 construire le futur que vous m\u00e9ritez.<\/p>\n\n\n\n<div class=\"wp-block-buttons is-layout-flex wp-block-buttons-is-layout-flex\">\n<div class=\"wp-block-button\"><a class=\"wp-block-button__link wp-element-button\" href=\"https:\/\/meet.brevo.com\/arnaud-lalande-1\">Je planifie mon Entretien Pr\u00e9alable sans engagement <\/a><\/div>\n<\/div>\n\n\n\n<h2 class=\"wp-block-heading\"><\/h2>\n<\/div><\/div>\n<\/div><\/div>\n\n\n\n<p><\/p>\n","protected":false},"excerpt":{"rendered":"","protected":false},"author":2,"featured_media":0,"parent":0,"menu_order":0,"comment_status":"closed","ping_status":"closed","template":"","meta":{"_genesis_hide_title":false,"_genesis_hide_breadcrumbs":false,"_genesis_hide_singular_image":false,"_genesis_hide_footer_widgets":false,"_genesis_custom_body_class":"","_genesis_custom_post_class":"","_genesis_layout":"","footnotes":""},"class_list":{"0":"post-113","1":"page","2":"type-page","3":"status-publish","5":"entry"},"featured_image_src":null,"featured_image_src_square":null,"_links":{"self":[{"href":"https:\/\/www.ekloria.fr\/bilan-de-competences-angers\/wp-json\/wp\/v2\/pages\/113","targetHints":{"allow":["GET"]}}],"collection":[{"href":"https:\/\/www.ekloria.fr\/bilan-de-competences-angers\/wp-json\/wp\/v2\/pages"}],"about":[{"href":"https:\/\/www.ekloria.fr\/bilan-de-competences-angers\/wp-json\/wp\/v2\/types\/page"}],"author":[{"embeddable":true,"href":"https:\/\/www.ekloria.fr\/bilan-de-competences-angers\/wp-json\/wp\/v2\/users\/2"}],"replies":[{"embeddable":true,"href":"https:\/\/www.ekloria.fr\/bilan-de-competences-angers\/wp-json\/wp\/v2\/comments?post=113"}],"version-history":[{"count":7,"href":"https:\/\/www.ekloria.fr\/bilan-de-competences-angers\/wp-json\/wp\/v2\/pages\/113\/revisions"}],"predecessor-version":[{"id":145,"href":"https:\/\/www.ekloria.fr\/bilan-de-competences-angers\/wp-json\/wp\/v2\/pages\/113\/revisions\/145"}],"wp:attachment":[{"href":"https:\/\/www.ekloria.fr\/bilan-de-competences-angers\/wp-json\/wp\/v2\/media?parent=113"}],"curies":[{"name":"wp","href":"https:\/\/api.w.org\/{rel}","templated":true}]}}